{"id":5168,"date":"2016-05-17T16:27:41","date_gmt":"2016-05-17T16:27:41","guid":{"rendered":"http:\/\/esportisalut.com\/ca\/la-asociacion\/"},"modified":"2022-03-18T10:49:23","modified_gmt":"2022-03-18T10:49:23","slug":"associacio","status":"publish","type":"page","link":"https:\/\/esportisalut.com\/ca\/associacio\/","title":{"rendered":"L&#8217;Associaci\u00f2"},"content":{"rendered":"<p>[vc_row][vc_column width=&#8221;1\/2&#8243;][vc_single_image image=&#8221;6237&#8243; img_size=&#8221;full&#8221; alignment=&#8221;center&#8221; style=&#8221;vc_box_shadow_border&#8221;][\/vc_column][vc_column width=&#8221;1\/2&#8243;][vc_column_text]<\/p>\n<h4 style=\"color: #0060a8;\">ESPORT I SALUT<\/h4>\n<h5>L&#8217;Associaci\u00f3 Esport i Salut Santa Coloma es constitueix a l&#8217;octubre de 2001, com a associaci\u00f3 esportiva privada. Entitat sense \u00e0nim de lucre, t\u00e9 per objectiu el desenvolupament, la promoci\u00f3 i la pr\u00e0ctica continuada de l&#8217;activitat f\u00edsica i esportiva.<\/h5>\n<h5>&#8220;Esport \u00a0per a tothom&#8221;, filosofia esportiva en la qual es basa l&#8217;entitat, amb objectius recreatius, l\u00fadics, formatius i socials, basada en una activitat f\u00edsica per tal de crear uns h\u00e0bits de salut, sense primar els resultats competitius.<\/h5>\n<p>[\/vc_column_text][\/vc_column][vc_column][vc_column_text]<\/p>\n<h5 style=\"text-align: center;\">Amb aquest objectiu, es pret\u00e9n oferir la possibilitat de practicar diferents modalitats esportives i activitats f\u00edsiques, d&#8217;acord amb les capacitats, motivacions i edats de cada persona, en un \u00e0mbit de relacions col\u00b7lectives.<\/h5>\n<p>[\/vc_column_text][\/vc_column][\/vc_row][vc_row full_width=&#8221;stretch_row&#8221; css=&#8221;.vc_custom_1463503352809{background-color: #0060a8 !important;}&#8221;][vc_column width=&#8221;1\/3&#8243;][vc_single_image image=&#8221;5101&#8243; img_size=&#8221;full&#8221; alignment=&#8221;center&#8221;][vc_column_text]<\/p>\n<h4 style=\"color: #fff; text-align: center;\">2.000<br \/>\nPersones<\/h4>\n<p>[\/vc_column_text][\/vc_column][vc_column width=&#8221;1\/3&#8243;][vc_single_image image=&#8221;5103&#8243; img_size=&#8221;full&#8221; alignment=&#8221;center&#8221;][vc_column_text]<\/p>\n<h4 style=\"color: #fff; text-align: center;\">5<br \/>\nactivitats<\/h4>\n<p>[\/vc_column_text][\/vc_column][vc_column width=&#8221;1\/3&#8243;][vc_single_image image=&#8221;4945&#8243; img_size=&#8221;full&#8221; alignment=&#8221;center&#8221;][vc_column_text]<\/p>\n<h4 style=\"color: #fff; text-align: center;\">100%<br \/>\nSalut<\/h4>\n<p>[\/vc_column_text][\/vc_column][\/vc_row][vc_row][vc_column][vc_column_text]<\/p>\n<h5>Actualment l&#8217;Associaci\u00f3 Esport i Salut mou un col\u00b7lectiu aproximat de 2.000 persones, en diferents \u00e0rees d&#8217;actuaci\u00f3, com poden ser les activitats per a gent gran, programa que des de l&#8217;octubre de 2001 continua oferint a tota la poblaci\u00f3 major de la nostra ciutat, mitjan\u00e7ant els serveis contractats amb el Departament Municipal d&#8217;Esports de l&#8217;Ajuntament de Sta. Coloma de Gramenet amb les activitats de gimn\u00e0stica, ioga i tai tx\u00ed ; activitats esportives extraescolars en centres d&#8217;ensenyament infantil i prim\u00e0ria (CEIP) i col\u00b7legis concertats, activitats esportives en centres d&#8217;ensenyament secundari obligatori (ESO); programa de gimn\u00e0stica de manteniment, ioga, zumba i tai tx\u00ed per a adults a partir dels 16 anys; programaci\u00f3 d&#8217;esdeveniments puntuals i festivals esportius; gesti\u00f3 d&#8217;esdeveniments puntuals i festivals esportius; gesti\u00f3 i serveis d&#8217;instal\u00b7lacions esportives.<\/h5>\n<h5>La simbiosi entre aquestes activitats esportives i f\u00edsiques i la potenciaci\u00f3 de l&#8217;Esport per a tothom, ha donat com a resultat una professionalitzaci\u00f3 i especialitzaci\u00f3 en la gesti\u00f3 dels programes esportius i serveis en les instal\u00b7lacions esportives.<\/h5>\n<p>[\/vc_column_text][\/vc_column][\/vc_row]<\/p>\n","protected":false},"excerpt":{"rendered":"<p>[vc_row][vc_column width=&#8221;1\/2&#8243;][vc_single_image image=&#8221;6237&#8243; img_size=&#8221;full&#8221; alignment=&#8221;center&#8221; style=&#8221;vc_box_shadow_border&#8221;][\/vc_column][vc_column width=&#8221;1\/2&#8243;][vc_column_text] ESPORT I SALUT L&#8217;Associaci\u00f3 Esport i Salut Santa Coloma es constitueix a l&#8217;octubre de 2001, com a associaci\u00f3 esportiva privada. Entitat sense \u00e0nim de lucre, t\u00e9 per objectiu el desenvolupament, la promoci\u00f3 i la pr\u00e0ctica continuada de l&#8217;activitat f\u00edsica i esportiva. &#8220;Esport \u00a0per [&hellip;]<\/p>\n","protected":false},"author":1,"featured_media":0,"parent":0,"menu_order":0,"comment_status":"closed","ping_status":"closed","template":"","meta":[],"yoast_head":"<!-- This site is optimized with the Yoast SEO plugin v20.6 - https:\/\/yoast.com\/wordpress\/plugins\/seo\/ -->\n<title>L&#039;Associaci\u00f2 - Esport i Salut | Santa Coloma de Gramenet<\/title>\n<meta name=\"robots\" content=\"index, follow, max-snippet:-1, max-image-preview:large, max-video-preview:-1\" \/>\n<link rel=\"canonical\" href=\"https:\/\/esportisalut.com\/ca\/associacio\/\" \/>\n<meta property=\"og:locale\" content=\"ca_ES\" \/>\n<meta property=\"og:type\" content=\"article\" \/>\n<meta property=\"og:title\" content=\"L&#039;Associaci\u00f2 - Esport i Salut | Santa Coloma de Gramenet\" \/>\n<meta property=\"og:description\" content=\"[vc_row][vc_column width=&#8221;1\/2&#8243;][vc_single_image image=&#8221;6237&#8243; img_size=&#8221;full&#8221; alignment=&#8221;center&#8221; style=&#8221;vc_box_shadow_border&#8221;][\/vc_column][vc_column width=&#8221;1\/2&#8243;][vc_column_text] ESPORT I SALUT L&#8217;Associaci\u00f3 Esport i Salut Santa Coloma es constitueix a l&#8217;octubre de 2001, com a associaci\u00f3 esportiva privada. Entitat sense \u00e0nim de lucre, t\u00e9 per objectiu el desenvolupament, la promoci\u00f3 i la pr\u00e0ctica continuada de l&#8217;activitat f\u00edsica i esportiva. &#8220;Esport \u00a0per [&hellip;]\" \/>\n<meta property=\"og:url\" content=\"https:\/\/esportisalut.com\/ca\/associacio\/\" \/>\n<meta property=\"og:site_name\" content=\"Esport i Salut | Santa Coloma de Gramenet\" \/>\n<meta property=\"article:modified_time\" content=\"2022-03-18T10:49:23+00:00\" \/>\n<meta name=\"twitter:card\" content=\"summary_large_image\" \/>\n<meta name=\"twitter:label1\" content=\"Est. reading time\" \/>\n\t<meta name=\"twitter:data1\" content=\"2 minutes\" \/>\n<script type=\"application\/ld+json\" class=\"yoast-schema-graph\">{\"@context\":\"https:\/\/schema.org\",\"@graph\":[{\"@type\":\"WebPage\",\"@id\":\"https:\/\/esportisalut.com\/ca\/associacio\/\",\"url\":\"https:\/\/esportisalut.com\/ca\/associacio\/\",\"name\":\"L'Associaci\u00f2 - Esport i Salut | Santa Coloma de Gramenet\",\"isPartOf\":{\"@id\":\"https:\/\/esportisalut.com\/#website\"},\"datePublished\":\"2016-05-17T16:27:41+00:00\",\"dateModified\":\"2022-03-18T10:49:23+00:00\",\"breadcrumb\":{\"@id\":\"https:\/\/esportisalut.com\/ca\/associacio\/#breadcrumb\"},\"inLanguage\":\"ca\",\"potentialAction\":[{\"@type\":\"ReadAction\",\"target\":[\"https:\/\/esportisalut.com\/ca\/associacio\/\"]}]},{\"@type\":\"BreadcrumbList\",\"@id\":\"https:\/\/esportisalut.com\/ca\/associacio\/#breadcrumb\",\"itemListElement\":[{\"@type\":\"ListItem\",\"position\":1,\"name\":\"Portada\",\"item\":\"https:\/\/esportisalut.com\/ca\/\"},{\"@type\":\"ListItem\",\"position\":2,\"name\":\"L&#8217;Associaci\u00f2\"}]},{\"@type\":\"WebSite\",\"@id\":\"https:\/\/esportisalut.com\/#website\",\"url\":\"https:\/\/esportisalut.com\/\",\"name\":\"Esport i Salut | Santa Coloma de Gramenet\",\"description\":\"Esport per a tothom, la nostra filosofia \u00e9s la base de la nostra entitat.\",\"potentialAction\":[{\"@type\":\"SearchAction\",\"target\":{\"@type\":\"EntryPoint\",\"urlTemplate\":\"https:\/\/esportisalut.com\/?s={search_term_string}\"},\"query-input\":\"required name=search_term_string\"}],\"inLanguage\":\"ca\"}]}<\/script>\n<!-- \/ Yoast SEO plugin. -->","yoast_head_json":{"title":"L'Associaci\u00f2 - Esport i Salut | Santa Coloma de Gramenet","robots":{"index":"index","follow":"follow","max-snippet":"max-snippet:-1","max-image-preview":"max-image-preview:large","max-video-preview":"max-video-preview:-1"},"canonical":"https:\/\/esportisalut.com\/ca\/associacio\/","og_locale":"ca_ES","og_type":"article","og_title":"L'Associaci\u00f2 - Esport i Salut | Santa Coloma de Gramenet","og_description":"[vc_row][vc_column width=&#8221;1\/2&#8243;][vc_single_image image=&#8221;6237&#8243; img_size=&#8221;full&#8221; alignment=&#8221;center&#8221; style=&#8221;vc_box_shadow_border&#8221;][\/vc_column][vc_column width=&#8221;1\/2&#8243;][vc_column_text] ESPORT I SALUT L&#8217;Associaci\u00f3 Esport i Salut Santa Coloma es constitueix a l&#8217;octubre de 2001, com a associaci\u00f3 esportiva privada. Entitat sense \u00e0nim de lucre, t\u00e9 per objectiu el desenvolupament, la promoci\u00f3 i la pr\u00e0ctica continuada de l&#8217;activitat f\u00edsica i esportiva. &#8220;Esport \u00a0per [&hellip;]","og_url":"https:\/\/esportisalut.com\/ca\/associacio\/","og_site_name":"Esport i Salut | Santa Coloma de Gramenet","article_modified_time":"2022-03-18T10:49:23+00:00","twitter_card":"summary_large_image","twitter_misc":{"Est. reading time":"2 minutes"},"schema":{"@context":"https:\/\/schema.org","@graph":[{"@type":"WebPage","@id":"https:\/\/esportisalut.com\/ca\/associacio\/","url":"https:\/\/esportisalut.com\/ca\/associacio\/","name":"L'Associaci\u00f2 - Esport i Salut | Santa Coloma de Gramenet","isPartOf":{"@id":"https:\/\/esportisalut.com\/#website"},"datePublished":"2016-05-17T16:27:41+00:00","dateModified":"2022-03-18T10:49:23+00:00","breadcrumb":{"@id":"https:\/\/esportisalut.com\/ca\/associacio\/#breadcrumb"},"inLanguage":"ca","potentialAction":[{"@type":"ReadAction","target":["https:\/\/esportisalut.com\/ca\/associacio\/"]}]},{"@type":"BreadcrumbList","@id":"https:\/\/esportisalut.com\/ca\/associacio\/#breadcrumb","itemListElement":[{"@type":"ListItem","position":1,"name":"Portada","item":"https:\/\/esportisalut.com\/ca\/"},{"@type":"ListItem","position":2,"name":"L&#8217;Associaci\u00f2"}]},{"@type":"WebSite","@id":"https:\/\/esportisalut.com\/#website","url":"https:\/\/esportisalut.com\/","name":"Esport i Salut | Santa Coloma de Gramenet","description":"Esport per a tothom, la nostra filosofia \u00e9s la base de la nostra entitat.","potentialAction":[{"@type":"SearchAction","target":{"@type":"EntryPoint","urlTemplate":"https:\/\/esportisalut.com\/?s={search_term_string}"},"query-input":"required name=search_term_string"}],"inLanguage":"ca"}]}},"_links":{"self":[{"href":"https:\/\/esportisalut.com\/ca\/wp-json\/wp\/v2\/pages\/5168"}],"collection":[{"href":"https:\/\/esportisalut.com\/ca\/wp-json\/wp\/v2\/pages"}],"about":[{"href":"https:\/\/esportisalut.com\/ca\/wp-json\/wp\/v2\/types\/page"}],"author":[{"embeddable":true,"href":"https:\/\/esportisalut.com\/ca\/wp-json\/wp\/v2\/users\/1"}],"replies":[{"embeddable":true,"href":"https:\/\/esportisalut.com\/ca\/wp-json\/wp\/v2\/comments?post=5168"}],"version-history":[{"count":9,"href":"https:\/\/esportisalut.com\/ca\/wp-json\/wp\/v2\/pages\/5168\/revisions"}],"predecessor-version":[{"id":6239,"href":"https:\/\/esportisalut.com\/ca\/wp-json\/wp\/v2\/pages\/5168\/revisions\/6239"}],"wp:attachment":[{"href":"https:\/\/esportisalut.com\/ca\/wp-json\/wp\/v2\/media?parent=5168"}],"curies":[{"name":"wp","href":"https:\/\/api.w.org\/{rel}","templated":true}]}}